{"id":4147,"date":"2022-12-05T17:10:16","date_gmt":"2022-12-05T16:10:16","guid":{"rendered":"https:\/\/rinosartori.shop\/it\/?page_id=4147"},"modified":"2024-10-10T16:25:34","modified_gmt":"2024-10-10T14:25:34","slug":"informativa-per-il-consenso-al-trattamento-dei-dati","status":"publish","type":"page","link":"https:\/\/cantineprimavera.it\/it\/informativa-per-il-consenso-al-trattamento-dei-dati\/","title":{"rendered":"Informativa per il consenso al trattamento dei dati"},"content":{"rendered":"\n<div id=\"wp-block-themeisle-blocks-advanced-columns-2cfbb242\" class=\"wp-block-themeisle-blocks-advanced-columns has-1-columns has-desktop-equal-layout has-tablet-equal-layout has-mobile-equal-layout has-vertical-unset\"><div class=\"wp-block-themeisle-blocks-advanced-columns-overlay\"><\/div><div class=\"innerblocks-wrap\">\n<div id=\"wp-block-themeisle-blocks-advanced-column-73aa4836\" class=\"wp-block-themeisle-blocks-advanced-column\">\n<p>Oggetto: informativa per il consenso al trattamento dei dati ai sensi dell\u2019articolo 13 del Regolamento UE 2016\/679.<\/p>\n\n\n\n<p>Con la presente comunicazione la scrivente Impresa la informa che i Suoi dati personali o quelli a Lei riferiti o riferibili saranno gestiti dalla scrivente nel pieno rispetto del Regolamento UE 679\/2016 e del D.Lgs. 196\/2003 e s.m.i. per il trattamento dei dati e nel pieno rispetto degli obblighi di riservatezza.<\/p>\n\n\n\n<p>Per Trattamento di dati personali si intende qualunque operazione o complesso di operazioni, effettuati anche senza l&#8217;ausilio di strumenti elettronici, concernenti la raccolta, la registrazione, l\u2019organizzazione, la conservazione, la consultazione, l\u2019elaborazione, la modificazione, la selezione, l\u2019estrazione, il raffronto, l&#8217;utilizzo, l\u2019interconnessione, il blocco, la comunicazione, la diffusione, la cancellazione e la distruzione di dati, anche se non registrati in una banca di dati.<\/p>\n\n\n\n<p>Per l\u2019instaurazione e l\u2019esecuzione dei rapporti contrattuali con Voi in corso l\u2019Impresa \u00e8 Titolare di dati personali e particolari, acquisiti anche verbalmente, direttamente o tramite terzi, a Voi relativi.<\/p>\n\n\n\n<p>Il conferimento dei dati stessi \u00e8 obbligatorio per tutto quanto \u00e8 richiesto dagli obblighi legali e contrattuali e pertanto l\u2019eventuale rifiuto a fornirli o al successivo trattamento potr\u00e0 determinare l\u2019impossibilit\u00e0 dell\u2019Impresa a dar corso ai rapporti contrattuali medesimi.<\/p>\n\n\n\n<p>Il mancato conferimento, invece, di tutti i dati che non siano riconducibili ad obblighi legali o contrattuali verr\u00e0 valutato di volta in volta dalla scrivente e determiner\u00e0 le conseguenti decisioni rapportate all\u2019importanza dei dati richiesti rispetto alla gestione del rapporto commerciale.<\/p>\n\n\n\n<p>In particolare Vi informiamo che ai sensi e per gli effetti dell&#8217;Art. 13 del Regolamento:<\/p>\n\n\n\n<p>Titolare del trattamento<\/p>\n\n\n\n<p>Il Titolare del trattamento, al quale lei potr\u00e0 rivolgersi per far valere i diritti di cui agli artt. 7 e da 15 a 22 del Regolamento, in calce riportato, \u00e8 l\u2019Impresa Cantine Primavera srl di Sartori Giammaria &amp; C <br>Via Calandrine, 14 -37029 San Pietro In Cariano (VR), nella persona del Legale Rappresentante <em>pro tempore<\/em>; i citati diritti potranno essere da Lei esercitati anche mediante l\u2019invio di comunicazioni al seguente indirizzo di posta elettronica:<a href=\"mailto:info@vinirinosartori.it\" title=\"\"> info@vinirinosartori.it<\/a><\/p>\n\n\n\n<p>Finalit\u00e0 del trattamento<\/p>\n\n\n\n<p>I dati personali da Lei forniti sono necessari per gli adempimenti contrattuali e previsti per legge nonch\u00e9 per conseguire una efficace gestione dei rapporti commerciali (a titolo esemplificativo e non esaustivo -amministrazione di contratti, ordini, spedizioni, fatture, controllo dell&#8217;affidabilit\u00e0 e solvibilit\u00e0, selezione in rapporto alle necessit\u00e0 dell\u2019Impresa, etc\u2026) nello svolgimento della sua attivit\u00e0 di commercializzazione di vini ed accessori.<\/p>\n\n\n\n<p>Modalit\u00e0 di trattamento e conservazione<\/p>\n\n\n\n<p>Il trattamento dei Vostri dati personali \u00e8 realizzato per mezzo delle operazioni indicate all\u2019art. 4 punto 2 del Regolamento e precisamente: raccolta, registrazione, organizzazione, conservazione, consultazione, elaborazione, modificazione, selezione, estrazione, raffronto, utilizzo, interconnessione, blocco, comunicazione, cancellazione e distruzione dei dati. Il trattamento sar\u00e0 svolto in forma automatizzata e\/o manuale, nel rispetto di quanto previsto dall\u2019art. 32 del Regolamento in materia di misure di sicurezza, ad opera di soggetti appositamente incaricati e in ottemperanza a quanto previsto dall\u2019art. 29 del Regolamento.<\/p>\n\n\n\n<p>Le segnaliamo che, nel rispetto dei principi di liceit\u00e0, limitazione delle finalit\u00e0 e minimizzazione dei dati, ai sensi dell\u2019art. 5 del Regolamento, previo il Suo consenso libero ed esplicito espresso in calce alla presente informativa, i Suoi dati personali saranno conservati per il periodo di tempo necessario per il conseguimento delle finalit\u00e0 per le quali sono raccolti e trattati. I dati personali sono sottoposti a trattamento sia cartaceo che elettronico e\/o automatizzato, anche mediante l\u2019uso eventuale di un sito web ospitato su Cloud che potr\u00e0 essere gestito dalla scrivente Impresa o da altro Responsabile esterno del trattamento. Il Titolare tratter\u00e0 i dati personali per il tempo necessario per adempiere alle finalit\u00e0 di cui sopra e comunque per non oltre il tempo necessario previsto per la regolare esecuzione delle attivit\u00e0 in essere.<\/p>\n\n\n\n<p>Ambito di comunicazione e diffusione<\/p>\n\n\n\n<p>I dati potranno essere resi accessibili, per le comunicazioni e diffusioni effettuate in esecuzione di obblighi di legge e contrattuali, a dipendenti e collaboratori del Titolare del trattamento, nella loro qualit\u00e0 di Incaricati e\/o Responsabili interni del trattamento e\/o Amministratori di sistema, a societ\u00e0 terze o altri soggetti che svolgono attivit\u00e0 in outsourcing per conto del Titolare, nella loro qualit\u00e0 di Responsabili esterni del trattamento.<\/p>\n\n\n\n<p>Tutti i dati potranno essere comunicati in Italia e all&#8217;estero esclusivamente per le finalit\u00e0 sopra specificate a:<\/p>\n\n\n\n<ul>\n<li>Fornitori \/ Clienti interessati dalle attivit\u00e0 strettamente connesse all&#8217;erogazione del prodotto \/ servizio;<\/li>\n\n\n\n<li>istituti di credito e societ\u00e0 di factoring;<\/li>\n\n\n\n<li>societ\u00e0 di recupero crediti;<\/li>\n\n\n\n<li>societ\u00e0 di assicurazione del credito;<\/li>\n<\/ul>\n\n\n\n<p>ai soli fini della tutela del credito e della migliore gestione dei nostri diritti relativi al singolo rapporto commerciale, e inoltre a:<\/p>\n\n\n\n<ul>\n<li>societ\u00e0 del gruppo;<\/li>\n\n\n\n<li>tecnici commerciali;<\/li>\n\n\n\n<li>professionisti e consulenti;<\/li>\n\n\n\n<li>studi legali;<\/li>\n\n\n\n<li>societ\u00e0 di manutenzione di apparecchiature informatiche;<\/li>\n\n\n\n<li>enti pubblici, limitatamente alle effettive necessit\u00e0 collegate allo svolgimento delle normali attivit\u00e0 contrattuali;<\/li>\n\n\n\n<li>aziende operanti nel settore del trasporto;<\/li>\n\n\n\n<li>ogni altro soggetto ritenuto necessario per lo svolgimento delle normali attivit\u00e0 contrattuali;<\/li>\n<\/ul>\n\n\n\n<p>ai fini dello svolgimento delle normali attivit\u00e0 operative e gestionali dell\u2019Impresa.<\/p>\n\n\n\n<p>Tutti i dati personali verranno trattati per la durata dei rapporti contrattuali instaurati e anche successivamente per l\u2019espletamento di tutti gli adempimenti di legge nonch\u00e9 per future finalit\u00e0 commerciali.<\/p>\n\n\n\n<p>Nel rispetto dell\u2019art.130 del D.Lgs. 196\/2003 e s.m.i. e dell\u2019art. 7 del Regolamento l\u2019Impresa scrivente, avrebbe il piacere di inviarVi comunicazioni commerciali mediante l\u2019utilizzo del Vostro numero di telefax o indirizzo e-mail; le Vostre coordinate di posta elettronica da Voi forniteci nel contesto dei nostri precedenti rapporti commerciali, saranno utilizzate per l\u2019invio di comunicazioni.<\/p>\n\n\n\n<p>Trasferimento dei dati personali<\/p>\n\n\n\n<p>Ai sensi degli artt. 44 e ss. del Regolamento, al fine di garantire la regolare gestione dei dati personali oggetto del trattamento, l\u2019Impresa potr\u00e0, acquisito il Suo espresso consenso, per le finalit\u00e0 e con le modalit\u00e0 rese nella presente informativa, trasferire i Suoi dati personali sia in Stati membri dell\u2019Unione Europea, sia in Paesi terzi non appartenenti all\u2019Unione Europea.<\/p>\n\n\n\n<p>Categorie particolari di dati personali<\/p>\n\n\n\n<p>Ai sensi degli articoli 9 del Regolamento, Lei potrebbe conferire, all\u2019Impresa dati qualificabili come \u201ccategorie particolari di dati personali\u201d e cio\u00e8 quei dati che rivelano \u201cl&#8217;origine razziale o etnica, le opinioni politiche, le convinzioni religiose o filosofiche, o l&#8217;appartenenza sindacale, nonch\u00e9 dati genetici, dati biometrici intesi a identificare in modo univoco una persona fisica, dati relativi alla salute o alla vita sessuale o all\u2019orientamento sessuale della persona\u201d. Tali categorie di dati potranno essere trattate dall\u2019Impresa solo previo Suo libero ed esplicito consenso, manifestato in forma scritta in calce alla presente informativa.<\/p>\n\n\n\n<p>Esistenza di un processo decisionale automatizzato, compresa la profilazione<\/p>\n\n\n\n<p>L\u2019impresa non adotta alcun processo decisionale automatizzato, compresa la profilazione, di cui all\u2019articolo 22, paragrafi 1 e 4, del Regolamento.<\/p>\n\n\n\n<p>Diritti dell\u2019interessato<\/p>\n\n\n\n<p>In ogni momento, Lei potr\u00e0 esercitare, ai sensi degli articoli dal 15 al 22 del Regolamento UE 679\/2016, il diritto di:<\/p>\n\n\n\n<ol>\n<li>a) chiedere la conferma dell\u2019esistenza o meno di propri dati personali;<\/li>\n\n\n\n<li>b) ottenere le indicazioni circa le finalit\u00e0 del trattamento, le categorie dei dati personali, i destinatari o le categorie di destinatari a cui i dati personali sono stati o saranno comunicati e, quando possibile, il periodo di conservazione;<\/li>\n\n\n\n<li>c) ottenere la rettifica e la cancellazione dei dati;<\/li>\n\n\n\n<li>d) ottenere la limitazione del trattamento;<\/li>\n\n\n\n<li>e) ottenere la portabilit\u00e0 dei dati, ossia riceverli da un titolare del trattamento, in un formato strutturato, di uso comune e leggibile da dispositivo automatico, e trasmetterli ad un altro titolare del trattamento senza impedimenti;<\/li>\n\n\n\n<li>f) opporsi al trattamento in qualsiasi momento ed anche nel caso di trattamento per finalit\u00e0 di marketing diretto;<\/li>\n\n\n\n<li>g) opporsi ad un processo decisionale automatizzato relativo alle persone \ufb01siche, compresa la profilazione.<\/li>\n\n\n\n<li>h) chiedere al titolare del trattamento l\u2019accesso ai dati personali e la rettifica o la cancellazione degli stessi o la limitazione del trattamento che lo riguardano o di opporsi al loro trattamento, oltre al diritto alla portabilit\u00e0 dei dati;<\/li>\n\n\n\n<li>i) revocare il consenso in qualsiasi momento senza pregiudicare la liceit\u00e0 del trattamento basata sul consenso prestato prima della revoca;<\/li>\n\n\n\n<li>j) proporre reclamo a un\u2019autorit\u00e0 di controllo.<\/li>\n<\/ol>\n\n\n\n<p>Modalit\u00e0 di esercizio dei diritti<\/p>\n\n\n\n<p>Potrete in qualsiasi momento esercitare i diritti inviando:<\/p>\n\n\n\n<ul>\n<li>una raccomandata A.R.: Cantine Primavera srl di Sartori Giammaria &amp; C<br>Via Calandrine, 14<br>37029 San Pietro In Cariano (VR)<\/li>\n\n\n\n<li>una e-mail all\u2019indirizzo: <a href=\"mailto:info@eprime.it\">info@vinisartoririno.it<\/a><\/li>\n<\/ul>\n<\/div>\n<\/div><\/div>\n","protected":false},"excerpt":{"rendered":"Oggetto: informativa per il consenso al trattamento dei dati ai sensi dell\u2019articolo 13 del Regolamento UE 2016\/679. Con la presente comunicazione la scrivente Impresa la informa che i Suoi dati personali o quelli a Lei riferiti o riferibili saranno gestiti dalla scrivente nel pieno rispetto del Regolamento UE 679\/2016 e del D.Lgs. 196\/2003 e s.m.i.<p class=\"more-link-wrapper\"><a class=\"btn btn-primary\" href=\"https:\/\/cantineprimavera.it\/it\/informativa-per-il-consenso-al-trattamento-dei-dati\/\">Read More<\/a><\/p>","protected":false},"author":1,"featured_media":0,"parent":0,"menu_order":0,"comment_status":"closed","ping_status":"closed","template":"","meta":{"_mi_skip_tracking":false,"_monsterinsights_sitenote_active":false,"_monsterinsights_sitenote_note":"","_monsterinsights_sitenote_category":0,"_themeisle_gutenberg_block_has_review":false},"acf":[],"aioseo_notices":[],"_links":{"self":[{"href":"https:\/\/cantineprimavera.it\/it\/wp-json\/wp\/v2\/pages\/4147"}],"collection":[{"href":"https:\/\/cantineprimavera.it\/it\/wp-json\/wp\/v2\/pages"}],"about":[{"href":"https:\/\/cantineprimavera.it\/it\/wp-json\/wp\/v2\/types\/page"}],"author":[{"embeddable":true,"href":"https:\/\/cantineprimavera.it\/it\/wp-json\/wp\/v2\/users\/1"}],"replies":[{"embeddable":true,"href":"https:\/\/cantineprimavera.it\/it\/wp-json\/wp\/v2\/comments?post=4147"}],"version-history":[{"count":5,"href":"https:\/\/cantineprimavera.it\/it\/wp-json\/wp\/v2\/pages\/4147\/revisions"}],"predecessor-version":[{"id":5299,"href":"https:\/\/cantineprimavera.it\/it\/wp-json\/wp\/v2\/pages\/4147\/revisions\/5299"}],"wp:attachment":[{"href":"https:\/\/cantineprimavera.it\/it\/wp-json\/wp\/v2\/media?parent=4147"}],"curies":[{"name":"wp","href":"https:\/\/api.w.org\/{rel}","templated":true}]}}